{"id":209,"date":"2019-04-29T20:59:28","date_gmt":"2019-04-29T18:59:28","guid":{"rendered":"http:\/\/www.straz.pulawy.pl\/?page_id=209"},"modified":"2025-05-13T20:03:41","modified_gmt":"2025-05-13T18:03:41","slug":"szkolenia-osp","status":"publish","type":"page","link":"https:\/\/www.straz.pulawy.pl\/?page_id=209","title":{"rendered":"Szkolenia OSP"},"content":{"rendered":"<div class=\"rtejustify\"><em>Zasady udzia\u0142u cz\u0142onk\u00f3w OSP w dzia\u0142aniach ratowniczych !<\/em><\/div>\n<div class=\"rtejustify\">\n<p><em>\u00a0\u00a0\u00a0\u00a0 Komenda Powiatowa Pa\u0144stwowej Stra\u017cy Po\u017carnej w Pu\u0142awach przypomina, i\u017c druhowie OSP bior\u0105cy bezpo\u015bredni udzia\u0142 w dzia\u0142aniach ratowniczych musz\u0105 spe\u0142nia\u0107 wymagania wynikaj\u0105ce z art. 19 ust. 1b ustawy z dnia ustawy z dnia 24 sierpnia 1991 r. o ochronie przeciwpo\u017carowej.<\/em><\/p>\n<\/div>\n<div class=\"rtejustify\"><em>\u00a0\u00a0\u00a0\u00a0 Zapisy cytowanej powy\u017cej ustawy jednoznacznie m\u00f3wi\u0105, \u017ce bezpo\u015bredni udzia\u0142 w dzia\u0142aniach ratowniczych mog\u0105 bra\u0107 cz\u0142onkowie ochotniczych stra\u017cy po\u017carnych, kt\u00f3rzy uko\u0144czyli 18 lat i nie przekroczyli 65 lat, posiadaj\u0105 aktualne badania lekarskie dopuszczaj\u0105ce do udzia\u0142u w dzia\u0142aniach ratowniczych oraz odbyli szkolenie po\u017carnicze.<\/em><\/div>\n<div class=\"rtejustify\"><\/div>\n<div class=\"rtejustify\"><em>Druki szkoleniowe:<\/em><\/div>\n<ul>\n<li>\n<div class=\"rtejustify\"><em>Skierowanie na szkolenie podstawowe stra\u017cak\u00f3w ratownik\u00f3w OSP <a href=\"http:\/\/www.straz.pulawy.pl\/wp-content\/uploads\/2019\/06\/karta_skierowania_na_szkolenie_podstawowe_strazakow_ratownikow_osp_2018-1.docx\">(pobierz)<\/a><\/em><\/div>\n<\/li>\n<li>\n<div class=\"rtejustify\"><em>Skierowanie na szkolenie dow\u00f3dc\u00f3w OSP <a href=\"http:\/\/www.straz.pulawy.pl\/wp-content\/uploads\/2019\/06\/karta_skierowania_na_szkolenie_dowodcow_osp_2018.docx\">(pobierz)<\/a><\/em><\/div>\n<\/li>\n<li>\n<div class=\"rtejustify\"><em>Skierowanie na szkolenie Naczelnik\u00f3w OSP <a href=\"http:\/\/kppsppulawy-old.t.test.ideo.pl\/sites\/default\/files\/karta_skierowania_na_szkolenie_naczelnikow_osp.docx\">(pobierz)<\/a><\/em><\/div>\n<\/li>\n<li>\n<div class=\"rtejustify\"><em>Skierowanie na szkolenia z zakresu ratownictwa technicznego <a href=\"http:\/\/www.straz.pulawy.pl\/wp-content\/uploads\/2019\/06\/karta_skierowania_na_szkolenie_ratownictwa_technicznego_osp.docx\">(pobierz)<\/a><\/em><\/div>\n<\/li>\n<li>\n<div class=\"rtejustify\"><em>Skierowanie na szkolenia kierowc\u00f3w-konserwator\u00f3w sprz\u0119tu ratowniczego OSP <a href=\"http:\/\/www.straz.pulawy.pl\/wp-content\/uploads\/2019\/06\/karta_skierowania_na_szkolenie_kierowcow_konserwatorow_osp.docx\">(pobierz)<\/a><\/em><\/div>\n<\/li>\n<li>\n<div class=\"rtejustify\"><em>Karta skierowania na szkolenie z zakresu wsp\u00f3\u0142pracy LPR <a href=\"http:\/\/www.straz.pulawy.pl\/wp-content\/uploads\/2019\/06\/karta_skierowania_na_szkolenie_z_zakresu_wspolpracy_z_lpr.docx\">(pobierz)<\/a><\/em><\/div>\n<\/li>\n<li>\n<div class=\"rtejustify\"><em>Skierowanie na szkolenie w Na\u0142\u0119czowie w zakresie kpp &#8211; recertyfikacja <a href=\"http:\/\/www.straz.pulawy.pl\/wp-content\/uploads\/2019\/06\/karta_skierowania_kpp_recertyfikacja.doc\">(pobierz) <\/a><\/em><\/div>\n<\/li>\n<li>\n<div class=\"rtejustify\"><em>Skierowanie na szkolenie w Na\u0142\u0119czowie w zakresie kpp &#8211; podstawowe <a href=\"http:\/\/www.straz.pulawy.pl\/wp-content\/uploads\/2019\/06\/karta_skierowania_kpp_podstawowe.doc\">(pobierz)<\/a><\/em><\/div>\n<\/li>\n<\/ul>\n<p class=\"rtejustify\"><strong>Programy szkolenia stra\u017cak\u00f3w OSP:<\/strong><\/p>\n<ul>\n<li class=\"rtejustify\">\n<h2><a href=\"http:\/\/www.straz.pulawy.pl\/wp-content\/uploads\/2022\/02\/Zasady_organizacji_szkolen_OSP_-_z_podpisem-1.pdf\"><strong>Zasady organizacji szkole\u0144 cz\u0142onk\u00f3w OSP bioracych bezpo\u015bredni udzia\u0142 w dzia\u0142aniach ratowniczych 2022<\/strong><\/a><\/h2>\n<\/li>\n<li class=\"rtejustify\"><em>Program szkolenia podstawowego stra\u017cak\u00f3w ratownik\u00f3w OSP 2015 <a href=\"http:\/\/www.straz.pulawy.pl\/wp-content\/uploads\/2019\/06\/szkolenie_podstawowe_strazakow_ratownikow_osp_2015_0-Kopia.pdf\">(pobierz)<\/a><\/em><\/li>\n<li class=\"rtejustify\"><em>Program szkolenia kierowc\u00f3w-konserwator\u00f3w sprz\u0119tu ratowniczego OSP 2015 <a href=\"http:\/\/www.straz.pulawy.pl\/wp-content\/uploads\/2019\/06\/program_szkolenia_kierowcow_osp1.pdf\">(pobierz)<\/a><\/em><\/li>\n<li class=\"rtejustify\"><em>Program szkolenia kieruj\u0105cych dzia\u0142aniem ratowniczym dla cz\u0142onk\u00f3w OSP 2015 <a href=\"http:\/\/www.straz.pulawy.pl\/wp-content\/uploads\/2019\/06\/program_szkolenia_dowodcow_osp_2015.pdf\">(pobierz)<\/a><\/em><\/li>\n<li class=\"rtejustify\"><em>Program szkolenia naczelnik\u00f3w OSP 2015 <a href=\"http:\/\/www.straz.pulawy.pl\/wp-content\/uploads\/2019\/06\/program_szkolenia_naczelnikow_osp_2015.pdf\">(pobierz)<\/a><\/em><\/li>\n<li class=\"rtejustify\"><em>Program szkolenia komendant\u00f3w gminnych ZOSP RP 2015 <a href=\"http:\/\/www.straz.pulawy.pl\/wp-content\/uploads\/2019\/06\/program_szkolenia_komendantow_gminnych_2015.pdf\">(pobierz)<\/a><\/em><\/li>\n<li>\n<div class=\"rtejustify\"><em>System szkolenia cz\u0142onk\u00f3w OSP z 2006 roku (<a href=\"http:\/\/www.straz.pulawy.pl\/wp-content\/uploads\/2019\/06\/system_szkolenia_czlonkow_osp.pdf\" target=\"_blank\" rel=\"noopener noreferrer\">pobierz<\/a>)<\/em><\/div>\n<\/li>\n<\/ul>\n<div class=\"rtejustify\"><em><strong>Warunki przyj\u0119cia na szkolenia:<\/strong><\/em><\/div>\n<hr \/>\n<p class=\"rtejustify\"><em><strong>Szkolenie podstawowe stra\u017cak\u00f3w ratownik\u00f3w OSP <\/strong><\/em><\/p>\n<p><em>Warunkiem przyj\u0119cia na szkolenie podstawowe stra\u017cak\u00f3w ratownik\u00f3w OSP jest spe\u0142nienie poni\u017cszych wymaga\u0144:<\/em><\/p>\n<ul>\n<li class=\"rtejustify\"><em>uko\u0144czone 18 lat i nie przekroczone 65 lat,<\/em><\/li>\n<li class=\"rtejustify\"><em>skierowanie wg. wzoru okre\u015blonego w \u201eZasadach organizacji szkole\u0144 cz\u0142onk\u00f3w Ochotniczych Stra\u017cy Po\u017carnych bior\u0105cych bezpo\u015bredni udzia\u0142 w dzia\u0142aniach ratowniczych\u201d.<\/em><\/li>\n<\/ul>\n<hr \/>\n<p class=\"rtejustify\"><em><strong>Szkolenie kieruj\u0105cych dzia\u0142aniem ratowniczym dla cz\u0142onk\u00f3w OSP <\/strong><\/em><\/p>\n<p><em>Warunkiem przyj\u0119cia na szkolenie kieruj\u0105cych dzia\u0142anie ratowniczym dla cz\u0142onk\u00f3w OSP jest spe\u0142nienie poni\u017cszych wymaga\u0144:<\/em><\/p>\n<ul>\n<li><em>skierowanie wg. wzoru okre\u015blonego w \u201eZasadach organizacji szkole\u0144 cz\u0142onk\u00f3w Ochotniczych Stra\u017cy Po\u017carnych bior\u0105cych bezpo\u015bredni udzia\u0142 w dzia\u0142aniach ratowniczych\u201d z 2015 roku;<\/em><\/li>\n<li><em>wiek &#8211; nie przekroczone 65 lat;<\/em><\/li>\n<li><em>minimum 3-letni okres od uzyskania wyszkolenia uprawniaj\u0105cego do bezpo\u015bredniego udzia\u0142u w dzia\u0142aniach ratowniczych;<\/em><\/li>\n<li><em>potwierdzenie uko\u0144czenia szkolenia podstawowego stra\u017cak\u00f3w ratownik\u00f3w OSP wg. programu z 2015 roku lub spe\u0142nienie wymaga\u0144 r\u00f3wnorz\u0119dnych wed\u0142ug \u201eSystemu szkolenia cz\u0142onk\u00f3w Ochotniczych Stra\u017cy Po\u017carnych bior\u0105cych bezpo\u015bredni udzia\u0142 w dzia\u0142aniach ratowniczych\u201d z 2006 roku.<\/em><\/li>\n<\/ul>\n<hr \/>\n<p class=\"rtejustify\"><em><strong>Szkolenie kierowc\u00f3w-konserwator\u00f3w sprz\u0119tu ratowniczego OSP <\/strong><\/em><\/p>\n<p><em>Warunkiem przyj\u0119cia na szkolenie kierowc\u00f3w-konserwator\u00f3w sprz\u0119tu ratowniczego OSP jest spe\u0142nienie poni\u017cszych wymaga\u0144:<\/em><\/p>\n<ul>\n<li><em>skierowanie wg. wzoru okre\u015blonego w \u201eZasadach organizacji szkole\u0144 cz\u0142onk\u00f3w Ochotniczych Stra\u017cy Po\u017carnych bior\u0105cych bezpo\u015bredni udzia\u0142 w dzia\u0142aniach ratowniczych\u201d;<\/em><\/li>\n<li><em>wiek &#8211; nie przekroczone 65 lat;<\/em><\/li>\n<li><em>prawo jazdy co najmniej kat. B;<\/em><\/li>\n<li><em>potwierdzenie uko\u0144czenia szkolenia podstawowego stra\u017cak\u00f3w ratownik\u00f3w OSP wg programu z 2015 roku lub spe\u0142nienie r\u00f3wnorz\u0119dnych wymaga\u0144 zgodnie z programem szkolenia z 2006 roku.<\/em><\/li>\n<\/ul>\n<hr \/>\n<p class=\"rtejustify\"><em><strong>Szkolenie naczelnik\u00f3w OSP <\/strong><\/em><\/p>\n<p><em>Warunkiem przyj\u0119cia na szkolenie naczelnik\u00f3w OSP jest spe\u0142nienie poni\u017cszych wymaga\u0144:<\/em><\/p>\n<ul>\n<li><em>skierowanie wg. wzoru okre\u015blonego w \u201eZasadach organizacji szkole\u0144 cz\u0142onk\u00f3w Ochotniczych Stra\u017cy Po\u017carnych bior\u0105cych bezpo\u015bredni udzia\u0142 w dzia\u0142aniach ratowniczych\u201d;<\/em><\/li>\n<li><em>wiek &#8211; nie przekroczone 65 lat;<\/em><\/li>\n<li><em>potwierdzenie uko\u0144czenia szkolenia kieruj\u0105cych dzia\u0142aniem ratowniczym dla cz\u0142onk\u00f3w OSP wg programu z 2015 roku lub spe\u0142nienie r\u00f3wnorz\u0119dnych wymaga\u0144 zgodnie<\/em><br \/>\n<em>z programem szkolenia z 2006 roku.<\/em><\/li>\n<\/ul>\n<hr \/>\n<p><em><strong>Szkolenie komendant\u00f3w gminnych ZOSP RP <\/strong><\/em><\/p>\n<p><em>Warunkiem przyj\u0119cia na szkolenie komendant\u00f3w gminnych ZOSP RP jest spe\u0142nienie poni\u017cszych wymaga\u0144:<\/em><\/p>\n<ul>\n<li><em>skierowanie wg. wzoru okre\u015blonego w \u201eZasadach organizacji szkole\u0144 cz\u0142onk\u00f3w Ochotniczych Stra\u017cy Po\u017carnych bior\u0105cych bezpo\u015bredni udzia\u0142 w dzia\u0142aniach ratowniczych\u201d;<\/em><\/li>\n<li><em>wiek &#8211; uko\u0144czone 25 lat i nie przekroczone 65 lat;<\/em><\/li>\n<li><em>obowi\u0105zkowa przynale\u017cno\u015b\u0107 do Ochotniczej Stra\u017cy Po\u017carnej z cz\u0142onkostwem czynnym;<\/em><\/li>\n<li><em>potwierdzenie uko\u0144czenia szkolenia Dow\u00f3dc\u00f3w OSP lub spe\u0142nienie r\u00f3wnorz\u0119dnych wymaga\u0144;<\/em><\/li>\n<li><em>potwierdzenie uko\u0144czenia szkolenia Naczelnik\u00f3w OSP lub spe\u0142nienie r\u00f3wnorz\u0119dnych wymaga\u0144.<\/em><\/li>\n<\/ul>\n<hr \/>\n<div class=\"rtejustify\"><\/div>\n<div class=\"rtejustify\"><em><strong>KWALIFIKOWANA PIERWSZA POMOC<\/strong><\/em><\/div>\n<div class=\"rtejustify\"><em>\u00a0\u00a0\u00a0\u00a0 Ustawa o Pa\u0144stwowym Ratownictwie Medycznym, kt\u00f3ra wesz\u0142a w \u017cycie z dniem 1 stycznia 2007 okre\u015bla zasady prowadzenia kurs\u00f3w Kwalifikowanej Pierwszej Pomocy oraz warunki uzyskiwania tytu\u0142u <strong> &#8222;Ratownika&#8221;.<\/strong><\/em><\/div>\n<div class=\"rtejustify\"><\/div>\n<p class=\"rtejustify\"><em>Kurs Kwalifikowanej Pierwszej Pomocy jest prowadzony zgodnie z przepisami:<\/em><\/p>\n<ul>\n<li class=\"rtejustify\"><em>ustawy o Pa\u0144stwowym Ratownictwie Medycznym z dnia 8 wrze\u015bnia 2006 roku (<a href=\"http:\/\/isap.sejm.gov.pl\/Download?id=WDU20061911410&amp;type=3\">pobierz<\/a>)<\/em><\/li>\n<li class=\"rtejustify\"><em>rozporz\u0105dzenia Ministra Zdrowia w sprawie kursu w zakresie kwalifikowanej pierwszej pomocy z dnia 19 marca 2007 roku\u00a0 &#8211; za\u0142\u0105cznik do rozporz\u0105dzenia<\/em><\/li>\n<li class=\"rtejustify\"><em>rozporz\u0105dzenia MSWiA i Obrony Narodowej w sprawie szkole\u0144 w zakresie kwalifikowanej pierwszej pomocy z dnia 12 grudnia 2008 roku (<a href=\"http:\/\/www.ratownictwo-mcs.pl\/files\/file\/prawo\/rozporz_mswia_mon_szkolenia_pierwsza_pomoc.pdf\">pobierz<\/a>) &#8211; nowelizacja rozporz\u0105dzenia(<a href=\"http:\/\/isap.sejm.gov.pl\/Download?id=WDU20112991778&amp;type=2\">pobierz<\/a>)<\/em><\/li>\n<\/ul>\n<p class=\"rtejustify\"><em>Kursy kierowane s\u0105 mi\u0119dzy innymi do:<\/em><\/p>\n<ul>\n<li class=\"rtejustify\"><em>Pa\u0144stwowej Stra\u017cy Po\u017carnej,<\/em><\/li>\n<li class=\"rtejustify\"><em>Ochotniczych Stra\u017cy Po\u017carnych,<\/em><\/li>\n<li class=\"rtejustify\"><em>Zak\u0142adowych Stra\u017cy Po\u017carnych,<\/em><\/li>\n<li class=\"rtejustify\"><em>jednostek i s\u0142u\u017cb ochrony przeciwpo\u017carowej,<\/em><\/li>\n<li class=\"rtejustify\"><em>jednostek systemu Pa\u0144stwowego Ratownictwa Medycznego i wsp\u00f3\u0142pracuj\u0105cych z Systemem,<\/em><\/li>\n<li class=\"rtejustify\"><em>Policji,<\/em><\/li>\n<li class=\"rtejustify\"><em>Wojska Polskiego,<\/em><\/li>\n<li class=\"rtejustify\"><em>Stra\u017cy Granicznej,<\/em><\/li>\n<li class=\"rtejustify\"><em>innych grup oraz os\u00f3b kt\u00f3re maj\u0105 obowi\u0105zek lub dobrowolnie chc\u0105 odby\u0107 tego typu szkolenie.<\/em><\/li>\n<\/ul>\n<p class=\"rtejustify\"><em>Zakres czynno\u015bci wykonywanych przez ratownika w ramach kwalifikowanej pierwszej pomocy obejmuje:<\/em><\/p>\n<ul>\n<li class=\"rtejustify\"><em>resuscytacj\u0119 kr\u0105\u017ceniowo-oddechow\u0105, bezprzyrz\u0105dow\u0105 i przyrz\u0105dow\u0105, z podaniem tlenu oraz zastosowaniem wed\u0142ug wskaza\u0144 defibrylatora zautomatyzowanego,<\/em><\/li>\n<li class=\"rtejustify\"><em>tamowanie krwotok\u00f3w zewn\u0119trznych i opatrywanie ran,<\/em><\/li>\n<li class=\"rtejustify\"><em>unieruchamianie z\u0142ama\u0144 i podejrze\u0144 z\u0142ama\u0144 ko\u015bci oraz zwichni\u0119\u0107,<\/em><\/li>\n<li class=\"rtejustify\"><em>ochron\u0119 przed wych\u0142odzeniem lub przegrzaniem,<\/em><\/li>\n<li class=\"rtejustify\"><em>prowadzenie wst\u0119pnego post\u0119powania przeciwwstrz\u0105sowego poprzez w\u0142a\u015bciwe u\u0142o\u017cenie os\u00f3b<\/em><br \/>\n<em>w stanie nag\u0142ego zagro\u017cenia zdrowotnego, ochron\u0119 termiczn\u0105 os\u00f3b w stanie nag\u0142ego zagro\u017cenia zdrowotnego,<\/em><\/li>\n<li class=\"rtejustify\"><em>stosowanie tlenoterapii biernej,<\/em><\/li>\n<li class=\"rtejustify\"><em>ewakuacj\u0119 z miejsca zdarzenia os\u00f3b w stanie nag\u0142ego zagro\u017cenia zdrowotnego,<\/em><\/li>\n<li class=\"rtejustify\"><em>wsparcie psychiczne os\u00f3b w stanie nag\u0142ego zagro\u017cenia zdrowotnego,<\/em><\/li>\n<li class=\"rtejustify\"><em>prowadzenie wst\u0119pnej segregacji medycznej w rozumieniu art. 43 ust. 2 ustawy o PRM.<\/em><\/li>\n<\/ul>\n<p class=\"rtejustify\"><em><strong><u>Przydatne linki:<\/u><\/strong><\/em><\/p>\n<ul>\n<li style=\"list-style-type: none;\">\n<ul>\n<li class=\"rtejustify\"><em>Zasady Organizacji Ratownictwa Medycznego w KSRG (<a href=\"http:\/\/www.straz.pulawy.pl\/wp-content\/uploads\/2019\/06\/Zasady-organizacji-ratownictwa-medycznego-w-KSRG.pdf\">pobierz<\/a>)<\/em><\/li>\n<li class=\"rtejustify\"><em>Procedury medyczne (<a href=\"http:\/\/www.straz.pulawy.pl\/wp-content\/uploads\/2019\/06\/zalacznik_nr_1_procedury_ost.pdf\">pobierz<\/a>)<\/em><\/li>\n<li class=\"rtejustify\"><em>Pytania egzaminacyjne KPP_2016 (<a href=\"http:\/\/www.straz.pulawy.pl\/wp-content\/uploads\/2019\/06\/pytania_kpp_-_2016_.pdf\">pobierz<\/a>)<\/em><\/li>\n<li class=\"rtejustify\"><em>Standard wyposa\u017cenia zestawu PSP R1 (<a href=\"http:\/\/www.straz.pulawy.pl\/wp-content\/uploads\/2019\/06\/zalacznik_nr_3_wyposazenie.pdf\" target=\"_blank\" rel=\"noopener noreferrer\">pobierz<\/a>)<\/em><\/li>\n<li class=\"rtejustify\"><em>Plan dezynfekcji sprz\u0119tu u\u017cywanego podczas dzia\u0142a\u0144 po kontakcie z materia\u0142em potencjalnie infekcyjnym (<a href=\"http:\/\/www.straz.pulawy.pl\/wp-content\/uploads\/2019\/06\/zalacznik_nr_6_dezynfekcja.pdf\">pobierz<\/a>)<\/em><\/li>\n<li class=\"rtejustify\"><em>Procedura post\u0119powania poekspozycyjnego dotycz\u0105ca potencjalnego nara\u017cenia na kontakt<\/em><br \/>\n<em>z materia\u0142em biologicznie niebezpiecznym (wirus HIV, HBV, HCV) &#8211; dla ratownik\u00f3w ksrg (<a href=\"http:\/\/www.straz.pulawy.pl\/wp-content\/uploads\/2019\/06\/zalacznik_nr_5_profilaktyka.pdf\">pobierz<\/a>)<\/em><\/li>\n<li class=\"rtejustify\"><em>Zasady segregacji poszkodowanych &#8211; zdarzenie masowe (<a href=\"http:\/\/kppsppulawy-old.t.test.ideo.pl\/sites\/default\/files\/zalacznik_nr_2_zdazenie_masowe.pdf\">pobierz<\/a>)<\/em><\/li>\n<li class=\"rtejustify\"><em>Zasady mocowania i przemieszczania poszkodowanych przy u\u017cyciu noszy typu deska <a href=\"http:\/\/www.straz.pulawy.pl\/wp-content\/uploads\/2019\/06\/zasady_mocowania_poszkodowanych_na_noszach_typu_deska.pdf\"> (pobierz)<\/a><\/em><\/li>\n<li class=\"rtejustify\"><em><a href=\"http:\/\/www.Ratownictwo.win.pl\">www.Ratownictwo.win.pl<\/a> &#8211; pierwsza pomoc przedmedyczna<\/em><\/li>\n<li class=\"rtejustify\"><em><a href=\"http:\/\/www.aplikacja-ratownik.pl\">www.aplikacja-ratownik.pl<\/a> &#8211; kwalifikowana pierwsza pomoc w telefonie<\/em><\/li>\n<\/ul>\n<\/li>\n<\/ul>\n","protected":false},"excerpt":{"rendered":"<p>Zasady udzia\u0142u cz\u0142onk\u00f3w OSP w dzia\u0142aniach ratowniczych ! \u00a0\u00a0\u00a0\u00a0 Komenda Powiatowa Pa\u0144stwowej Stra\u017cy Po\u017carnej w Pu\u0142awach przypomina, i\u017c druhowie OSP bior\u0105cy bezpo\u015bredni udzia\u0142 w dzia\u0142aniach ratowniczych musz\u0105 spe\u0142nia\u0107 wymagania wynikaj\u0105ce z art. 19 ust. 1b ustawy z dnia ustawy z dnia 24 sierpnia 1991 r. o ochronie przeciwpo\u017carowej. \u00a0\u00a0\u00a0\u00a0 Zapisy cytowanej powy\u017cej ustawy jednoznacznie m\u00f3wi\u0105, [&hellip;]<\/p>\n","protected":false},"author":2,"featured_media":0,"parent":0,"menu_order":0,"comment_status":"closed","ping_status":"closed","template":"","meta":{"footnotes":"","_links_to":"","_links_to_target":""},"class_list":["post-209","page","type-page","status-publish","hentry"],"_links":{"self":[{"href":"https:\/\/www.straz.pulawy.pl\/index.php?rest_route=\/wp\/v2\/pages\/209","targetHints":{"allow":["GET"]}}],"collection":[{"href":"https:\/\/www.straz.pulawy.pl\/index.php?rest_route=\/wp\/v2\/pages"}],"about":[{"href":"https:\/\/www.straz.pulawy.pl\/index.php?rest_route=\/wp\/v2\/types\/page"}],"author":[{"embeddable":true,"href":"https:\/\/www.straz.pulawy.pl\/index.php?rest_route=\/wp\/v2\/users\/2"}],"replies":[{"embeddable":true,"href":"https:\/\/www.straz.pulawy.pl\/index.php?rest_route=%2Fwp%2Fv2%2Fcomments&post=209"}],"version-history":[{"count":30,"href":"https:\/\/www.straz.pulawy.pl\/index.php?rest_route=\/wp\/v2\/pages\/209\/revisions"}],"predecessor-version":[{"id":7397,"href":"https:\/\/www.straz.pulawy.pl\/index.php?rest_route=\/wp\/v2\/pages\/209\/revisions\/7397"}],"wp:attachment":[{"href":"https:\/\/www.straz.pulawy.pl\/index.php?rest_route=%2Fwp%2Fv2%2Fmedia&parent=209"}],"curies":[{"name":"wp","href":"https:\/\/api.w.org\/{rel}","templated":true}]}}