{"id":58,"date":"2019-04-22T12:22:04","date_gmt":"2019-04-22T10:22:04","guid":{"rendered":"http:\/\/www.straz.pulawy.pl\/?page_id=58"},"modified":"2026-03-11T12:57:13","modified_gmt":"2026-03-11T11:57:13","slug":"kierownictwo","status":"publish","type":"page","link":"http:\/\/www.straz.pulawy.pl\/?page_id=58","title":{"rendered":"Kierownictwo"},"content":{"rendered":"<p>[vc_row][vc_column width=&#8221;3\/4&#8243;][vc_column_text]<img loading=\"lazy\" decoding=\"async\" class=\"alignnone wp-image-7817 size-medium\" src=\"https:\/\/www.straz.pulawy.pl\/wp-content\/uploads\/2026\/01\/K.-Morawski-768x937-1-246x300.jpg\" alt=\"\" width=\"246\" height=\"300\" srcset=\"http:\/\/www.straz.pulawy.pl\/wp-content\/uploads\/2026\/01\/K.-Morawski-768x937-1-246x300.jpg 246w, http:\/\/www.straz.pulawy.pl\/wp-content\/uploads\/2026\/01\/K.-Morawski-768x937-1.jpg 768w\" sizes=\"auto, (max-width: 246px) 100vw, 246px\" \/><\/p>\n<p><strong><br \/>\nKomendant Powiatowy Pa\u0144stwowej Stra\u017cy Po\u017carnej w Pu\u0142awach<\/strong><br \/>\nstarszy brygadier Krzysztof Morawski<\/p>\n<p>telefon \u2013 81 585 53 00<br \/>\nfax \u2013 81 585 53 20[\/vc_column_text][\/vc_column][\/vc_row][vc_row][vc_column][vc_separator][\/vc_column][\/vc_row][vc_row][vc_column width=&#8221;3\/4&#8243;][vc_column_text]<strong><img loading=\"lazy\" decoding=\"async\" class=\"alignnone wp-image-7687 size-medium\" src=\"https:\/\/www.straz.pulawy.pl\/wp-content\/uploads\/2025\/12\/Ryciak-Monika-225x300.jpg\" alt=\"\" width=\"225\" height=\"300\" srcset=\"http:\/\/www.straz.pulawy.pl\/wp-content\/uploads\/2025\/12\/Ryciak-Monika-225x300.jpg 225w, http:\/\/www.straz.pulawy.pl\/wp-content\/uploads\/2025\/12\/Ryciak-Monika-768x1024.jpg 768w, http:\/\/www.straz.pulawy.pl\/wp-content\/uploads\/2025\/12\/Ryciak-Monika-1152x1536.jpg 1152w, http:\/\/www.straz.pulawy.pl\/wp-content\/uploads\/2025\/12\/Ryciak-Monika-1536x2048.jpg 1536w, http:\/\/www.straz.pulawy.pl\/wp-content\/uploads\/2025\/12\/Ryciak-Monika-370x494.jpg 370w, http:\/\/www.straz.pulawy.pl\/wp-content\/uploads\/2025\/12\/Ryciak-Monika-440x589.jpg 440w, http:\/\/www.straz.pulawy.pl\/wp-content\/uploads\/2025\/12\/Ryciak-Monika-scaled.jpg 1920w\" sizes=\"auto, (max-width: 225px) 100vw, 225px\" \/><br \/>\nZast\u0119pca Komendanta Powiatowego Pa\u0144stwowej Stra\u017cy Po\u017carnej w Pu\u0142awach<br \/>\n<\/strong><\/p>\n<p>brygadier Monika Ryciak<\/p>\n<p>telefon \u2013 81 585 53 02[\/vc_column_text][\/vc_column][\/vc_row][vc_row][vc_column][vc_separator style=&#8221;double&#8221;][\/vc_column][\/vc_row][vc_row][vc_column][vc_column_text]Do zada\u0144 kieruj\u0105cego kom\u00f3rk\u0105 organizacyjn\u0105 nale\u017cy w szczeg\u00f3lno\u015bci:<\/p>\n<ul>\n<li style=\"list-style-type: none;\">\n<ul>\n<li>sprawowanie nadzoru nad merytorycznym i formalnym dzia\u0142aniem kom\u00f3rki organizacyjnej,<\/li>\n<li>podpisywanie pism w zakresie merytorycznego dzia\u0142ania kom\u00f3rki organizacyjnej,<br \/>\nniezastrze\u017conych do podpisu przez Komendanta lub jego Zast\u0119pcy,<\/li>\n<li>organizowanie odpraw s\u0142u\u017cbowych, instrukta\u017cy, szkole\u0144 doskonal\u0105cych w zakresie merytorycznego dzia\u0142ania kom\u00f3rki organizacyjnej,<\/li>\n<li>nadz\u00f3r nad realizacj\u0105 plan\u00f3w pracy oraz dyscyplin\u0105 s\u0142u\u017cby i pracy,<\/li>\n<li>wnioskowanie w sprawach wynikaj\u0105cych ze stosunku s\u0142u\u017cby i pracy podleg\u0142ych stra\u017cak\u00f3w i pracownik\u00f3w cywilnych,<\/li>\n<li>opiniowanie projekt\u00f3w akt\u00f3w prawnych i interpretacja merytoryczna przepis\u00f3w prawa<br \/>\nz zakresu dzia\u0142ania kom\u00f3rki organizacyjnej,<\/li>\n<li>opracowywanie projekt\u00f3w decyzji i rozkaz\u00f3w Komendanta z zakresu dzia\u0142ania kom\u00f3rki organizacyjnej,<\/li>\n<li>okre\u015blanie szczeg\u00f3\u0142owych zakres\u00f3w obowi\u0105zk\u00f3w dla poszczeg\u00f3lnych stra\u017cak\u00f3w (pracownik\u00f3w) oraz czynno\u015bci dla poszczeg\u00f3lnych stanowisk pracy w podleg\u0142ej kom\u00f3rce organizacyjnej,<\/li>\n<li>zapewnienie stosowania instrukcji kancelaryjnej,<\/li>\n<li>zgodne z przepisami szczeg\u00f3\u0142owymi zdawanie akt archiwalnych i wytworzonej dokumentacji do archiwum zak\u0142adowego oraz realizacja brakowania,<\/li>\n<li>wydawanie polece\u0144 s\u0142u\u017cbowych podleg\u0142ym stra\u017cakom i pracownikom cywilnym<br \/>\nw sprawach obj\u0119tych zakresem dzia\u0142ania podleg\u0142ej kom\u00f3rki organizacyjnej,<\/li>\n<li>sprawowanie nadzoru nad ochron\u0105 informacji niejawnych oraz kontrola przestrzegania ustalonych w tym zakresie zasad post\u0119powania,<\/li>\n<li>sprawowanie nadzoru nad prawid\u0142owym wykonywaniem obowi\u0105zk\u00f3w i zada\u0144<br \/>\nw dziedzinie bezpiecze\u0144stwa i higieny pracy,<\/li>\n<li>rozpatrywanie, w zakresie w\u0142a\u015bciwo\u015bci merytorycznej, interpelacji, petycji, skarg<br \/>\ni wniosk\u00f3w,<\/li>\n<li>prowadzenie kontroli wewn\u0119trznej,<\/li>\n<li>realizacja zada\u0144 w zakresie opiniowania podleg\u0142ych stra\u017cak\u00f3w PSP,<\/li>\n<li>sprawowanie nadzoru nad ochron\u0105 danych osobowych,<\/li>\n<li>udost\u0119pnianie informacji publicznej,<\/li>\n<li>podejmowanie i inicjowanie dzia\u0142a\u0144 obni\u017caj\u0105cych koszty dzia\u0142alno\u015bci Komendy Powiatowej,<\/li>\n<li>realizowanie zada\u0144 z zakresu spraw obronnych zgodnie z obowi\u0105zuj\u0105cymi przepisami<br \/>\ni wytycznymi z tego zakresu.<\/li>\n<\/ul>\n<\/li>\n<\/ul>\n<p>[\/vc_column_text][\/vc_column][\/vc_row][vc_row][vc_column][vc_column_text]<\/p>\n<ol>\n<li>Do podpisu i aprobaty Komendanta zastrzega si\u0119 dokumentacj\u0119:<\/li>\n<\/ol>\n<ul>\n<li>dotycz\u0105c\u0105 zobowi\u0105za\u0144 maj\u0105tkowych i finansowych, jako dysponenta \u015brodk\u00f3w bud\u017cetowych po parafowaniu g\u0142\u00f3wnego ksi\u0119gowego; projekty pism, decyzji i innych rozstrzygni\u0119\u0107 w sprawach dotycz\u0105cych dochod\u00f3w i wydatk\u00f3w bud\u017cetowych, inwentaryzacji oraz post\u0119powa\u0144 dotycz\u0105cych szk\u00f3d wyrz\u0105dzonych w maj\u0105tku jednostki, s\u0105 przedk\u0142adane Komendantowi Powiatowemu po uzyskaniu aprobaty G\u0142\u00f3wnego Ksi\u0119gowego;<\/li>\n<li>w\u0142adcze akty administracyjne wydawane przez Komendanta Powiatowego,<br \/>\njako organu administracji publicznej;<\/li>\n<li>kierowan\u0105 do Komendy Wojew\u00f3dzkiej PSP, Komendy G\u0142\u00f3wnej PSP, centralnych organ\u00f3w pa\u0144stwa oraz wojew\u00f3dzkiej administracji rz\u0105dowej i samorz\u0105dowej, wojew\u00f3dzkiej administracji zespolonej, samorz\u0105dowych jednostek organizacyjnych powiatu, organ\u00f3w kontroli pa\u0144stwowej, prokuratury, s\u0105d\u00f3w, kierownictw zwi\u0105zk\u00f3w zawodowych i organizacji spo\u0142ecznych, innych podmiot\u00f3w i os\u00f3b;<\/li>\n<li>pisma kierowane do senator\u00f3w i pos\u0142\u00f3w;<\/li>\n<li>odpowiedzi na skargi i wnioski dotycz\u0105ce dzia\u0142alno\u015bci Zast\u0119pcy Komendanta, kierownik\u00f3w kom\u00f3rek organizacyjnych Komendy Powiatowej oraz jej pracownik\u00f3w;<\/li>\n<li>zakresy czynno\u015bci Zast\u0119pcy Komendanta, stra\u017cak\u00f3w i pracownik\u00f3w Komendy Powiatowej;<\/li>\n<li>zarz\u0105dzenia, decyzje, rozkazy, delegacje s\u0142u\u017cbowe, plany pracy i kontroli oraz inne dokumenty koordynuj\u0105ce dzia\u0142ania organ\u00f3w ochrony przeciwpo\u017carowej na\u00a0terenie powiatu.<\/li>\n<\/ul>\n<p>[\/vc_column_text][\/vc_column][\/vc_row][vc_row][vc_column][vc_column_text]2. Zastrzega si\u0119 do podpisu i aprobaty Zast\u0119pcy Komendanta dokumentacj\u0119 z zakresu merytorycznego dzia\u0142ania nadzorowanych kom\u00f3rek organizacyjnych, z wyj\u0105tkiem wymienionych w ust. 1 lub wobec kt\u00f3rych uzyska\u0142 pisemne upowa\u017cnienie.<\/p>\n<p>3. Komendant lub upowa\u017cniony przez niego Zast\u0119pca Komendanta przyjmuje interesant\u00f3w w sprawach skarg, wniosk\u00f3w, za\u017cale\u0144 i odwo\u0142a\u0144 raz w tygodniu. Dzie\u0144 i godziny przyj\u0119\u0107 interesant\u00f3w w sprawach jak wy\u017cej Komendant podaje do powszechnej wiadomo\u015bci poprzez wywieszenie jej na tablicy informacyjnej w budynku Komendy Powiatowej.[\/vc_column_text][\/vc_column][\/vc_row]<\/p>\n","protected":false},"excerpt":{"rendered":"<p>[vc_row][vc_column width=&#8221;3\/4&#8243;][vc_column_text] Komendant Powiatowy Pa\u0144stwowej Stra\u017cy Po\u017carnej w Pu\u0142awach starszy brygadier Krzysztof Morawski telefon \u2013 81 585 53 00 fax \u2013 81 585 53 20[\/vc_column_text][\/vc_column][\/vc_row][vc_row][vc_column][vc_separator][\/vc_column][\/vc_row][vc_row][vc_column width=&#8221;3\/4&#8243;][vc_column_text] Zast\u0119pca Komendanta Powiatowego Pa\u0144stwowej Stra\u017cy Po\u017carnej w Pu\u0142awach brygadier Monika Ryciak telefon \u2013 81 585 53 02[\/vc_column_text][\/vc_column][\/vc_row][vc_row][vc_column][vc_separator style=&#8221;double&#8221;][\/vc_column][\/vc_row][vc_row][vc_column][vc_column_text]Do zada\u0144 kieruj\u0105cego kom\u00f3rk\u0105 organizacyjn\u0105 nale\u017cy w szczeg\u00f3lno\u015bci: sprawowanie nadzoru nad merytorycznym [&hellip;]<\/p>\n","protected":false},"author":2,"featured_media":0,"parent":0,"menu_order":0,"comment_status":"closed","ping_status":"closed","template":"","meta":{"footnotes":"","_links_to":"","_links_to_target":""},"class_list":["post-58","page","type-page","status-publish","hentry"],"_links":{"self":[{"href":"http:\/\/www.straz.pulawy.pl\/index.php?rest_route=\/wp\/v2\/pages\/58","targetHints":{"allow":["GET"]}}],"collection":[{"href":"http:\/\/www.straz.pulawy.pl\/index.php?rest_route=\/wp\/v2\/pages"}],"about":[{"href":"http:\/\/www.straz.pulawy.pl\/index.php?rest_route=\/wp\/v2\/types\/page"}],"author":[{"embeddable":true,"href":"http:\/\/www.straz.pulawy.pl\/index.php?rest_route=\/wp\/v2\/users\/2"}],"replies":[{"embeddable":true,"href":"http:\/\/www.straz.pulawy.pl\/index.php?rest_route=%2Fwp%2Fv2%2Fcomments&post=58"}],"version-history":[{"count":34,"href":"http:\/\/www.straz.pulawy.pl\/index.php?rest_route=\/wp\/v2\/pages\/58\/revisions"}],"predecessor-version":[{"id":7940,"href":"http:\/\/www.straz.pulawy.pl\/index.php?rest_route=\/wp\/v2\/pages\/58\/revisions\/7940"}],"wp:attachment":[{"href":"http:\/\/www.straz.pulawy.pl\/index.php?rest_route=%2Fwp%2Fv2%2Fmedia&parent=58"}],"curies":[{"name":"wp","href":"https:\/\/api.w.org\/{rel}","templated":true}]}}